{"id":687,"date":"2023-12-12T20:48:27","date_gmt":"2023-12-12T23:48:27","guid":{"rendered":"https:\/\/sistemafaetsenar.org.br\/faet\/?page_id=687"},"modified":"2023-12-12T21:25:06","modified_gmt":"2023-12-13T00:25:06","slug":"contribuicao-sindical","status":"publish","type":"page","link":"https:\/\/sistemafaetsenar.org.br\/faet\/contribuicao-sindical\/","title":{"rendered":"Contribui\u00e7\u00e3o Sindical"},"content":{"rendered":"\t\t<div data-elementor-type=\"wp-page\" data-elementor-id=\"687\" class=\"elementor elementor-687\" data-elementor-post-type=\"page\">\n\t\t\t\t<div class=\"elementor-element elementor-element-5caf32a5 e-flex e-con-boxed e-con e-parent\" data-id=\"5caf32a5\" data-element_type=\"container\" data-settings=\"{&quot;background_background&quot;:&quot;classic&quot;}\">\n\t\t\t\t\t<div class=\"e-con-inner\">\n\t\t<div class=\"elementor-element elementor-element-549f096a e-con-full e-flex e-con e-child\" data-id=\"549f096a\" data-element_type=\"container\">\n\t\t<div class=\"elementor-element elementor-element-11d7e446 e-flex e-con-boxed e-con e-child\" data-id=\"11d7e446\" data-element_type=\"container\">\n\t\t\t\t\t<div class=\"e-con-inner\">\n\t\t\t\t<div class=\"elementor-element elementor-element-40a3a5e0 elementor-widget elementor-widget-hub_fancy_heading\" data-id=\"40a3a5e0\" data-element_type=\"widget\" data-widget_type=\"hub_fancy_heading.default\">\n\t\t\t\t<div class=\"elementor-widget-container\">\n\t\t\t\n\t\t<div id=\"ld-fancy-heading-69f549f43a08e\" class=\"ld-fancy-heading pos-rel\">\n\t\t\t<h1 class=\"ld-fh-element d-inline-block pos-rel  elementor-heading-title lqd-highlight-classic lqd-highlight-grow-left h1\"  > Sindical<\/h1>\t\t<\/div>\n\n\t\t\t\t<\/div>\n\t\t\t\t<\/div>\n\t\t\t\t<div class=\"elementor-element elementor-element-5bfb3923 elementor-widget-divider--view-line elementor-widget elementor-widget-divider\" data-id=\"5bfb3923\" data-element_type=\"widget\" data-widget_type=\"divider.default\">\n\t\t\t\t<div class=\"elementor-widget-container\">\n\t\t\t<style>\/*! elementor - v3.21.0 - 30-04-2024 *\/\n.elementor-widget-divider{--divider-border-style:none;--divider-border-width:1px;--divider-color:#0c0d0e;--divider-icon-size:20px;--divider-element-spacing:10px;--divider-pattern-height:24px;--divider-pattern-size:20px;--divider-pattern-url:none;--divider-pattern-repeat:repeat-x}.elementor-widget-divider .elementor-divider{display:flex}.elementor-widget-divider .elementor-divider__text{font-size:15px;line-height:1;max-width:95%}.elementor-widget-divider .elementor-divider__element{margin:0 var(--divider-element-spacing);flex-shrink:0}.elementor-widget-divider .elementor-icon{font-size:var(--divider-icon-size)}.elementor-widget-divider .elementor-divider-separator{display:flex;margin:0;direction:ltr}.elementor-widget-divider--view-line_icon .elementor-divider-separator,.elementor-widget-divider--view-line_text .elementor-divider-separator{align-items:center}.elementor-widget-divider--view-line_icon .elementor-divider-separator:after,.elementor-widget-divider--view-line_icon .elementor-divider-separator:before,.elementor-widget-divider--view-line_text .elementor-divider-separator:after,.elementor-widget-divider--view-line_text .elementor-divider-separator:before{display:block;content:\"\";border-block-end:0;flex-grow:1;border-block-start:var(--divider-border-width) var(--divider-border-style) var(--divider-color)}.elementor-widget-divider--element-align-left .elementor-divider .elementor-divider-separator>.elementor-divider__svg:first-of-type{flex-grow:0;flex-shrink:100}.elementor-widget-divider--element-align-left .elementor-divider-separator:before{content:none}.elementor-widget-divider--element-align-left .elementor-divider__element{margin-left:0}.elementor-widget-divider--element-align-right .elementor-divider .elementor-divider-separator>.elementor-divider__svg:last-of-type{flex-grow:0;flex-shrink:100}.elementor-widget-divider--element-align-right .elementor-divider-separator:after{content:none}.elementor-widget-divider--element-align-right .elementor-divider__element{margin-right:0}.elementor-widget-divider--element-align-start .elementor-divider .elementor-divider-separator>.elementor-divider__svg:first-of-type{flex-grow:0;flex-shrink:100}.elementor-widget-divider--element-align-start .elementor-divider-separator:before{content:none}.elementor-widget-divider--element-align-start .elementor-divider__element{margin-inline-start:0}.elementor-widget-divider--element-align-end .elementor-divider .elementor-divider-separator>.elementor-divider__svg:last-of-type{flex-grow:0;flex-shrink:100}.elementor-widget-divider--element-align-end .elementor-divider-separator:after{content:none}.elementor-widget-divider--element-align-end .elementor-divider__element{margin-inline-end:0}.elementor-widget-divider:not(.elementor-widget-divider--view-line_text):not(.elementor-widget-divider--view-line_icon) .elementor-divider-separator{border-block-start:var(--divider-border-width) var(--divider-border-style) var(--divider-color)}.elementor-widget-divider--separator-type-pattern{--divider-border-style:none}.elementor-widget-divider--separator-type-pattern.elementor-widget-divider--view-line .elementor-divider-separator,.elementor-widget-divider--separator-type-pattern:not(.elementor-widget-divider--view-line) .elementor-divider-separator:after,.elementor-widget-divider--separator-type-pattern:not(.elementor-widget-divider--view-line) .elementor-divider-separator:before,.elementor-widget-divider--separator-type-pattern:not([class*=elementor-widget-divider--view]) .elementor-divider-separator{width:100%;min-height:var(--divider-pattern-height);-webkit-mask-size:var(--divider-pattern-size) 100%;mask-size:var(--divider-pattern-size) 100%;-webkit-mask-repeat:var(--divider-pattern-repeat);mask-repeat:var(--divider-pattern-repeat);background-color:var(--divider-color);-webkit-mask-image:var(--divider-pattern-url);mask-image:var(--divider-pattern-url)}.elementor-widget-divider--no-spacing{--divider-pattern-size:auto}.elementor-widget-divider--bg-round{--divider-pattern-repeat:round}.rtl .elementor-widget-divider .elementor-divider__text{direction:rtl}.e-con-inner>.elementor-widget-divider,.e-con>.elementor-widget-divider{width:var(--container-widget-width,100%);--flex-grow:var(--container-widget-flex-grow)}<\/style>\t\t<div class=\"elementor-divider\">\n\t\t\t<span class=\"elementor-divider-separator\">\n\t\t\t\t\t\t<\/span>\n\t\t<\/div>\n\t\t\t\t<\/div>\n\t\t\t\t<\/div>\n\t\t\t\t<div class=\"elementor-element elementor-element-f37c3c elementor-widget elementor-widget-hub_fancy_heading\" data-id=\"f37c3c\" data-element_type=\"widget\" data-widget_type=\"hub_fancy_heading.default\">\n\t\t\t\t<div class=\"elementor-widget-container\">\n\t\t\t\n\t\t<div id=\"ld-fancy-heading-69f549f43aa91\" class=\"ld-fancy-heading pos-rel\">\n\t\t\t<h1 class=\"ld-fh-element d-inline-block pos-rel  elementor-heading-title lqd-highlight-classic lqd-highlight-grow-left h1\"  > Contribui\u00e7\u00e3o\nSindical<\/h1>\t\t<\/div>\n\n\t\t\t\t<\/div>\n\t\t\t\t<\/div>\n\t\t\t\t\t<\/div>\n\t\t\t\t<\/div>\n\t\t<div class=\"elementor-element elementor-element-313ad581 e-flex e-con-boxed e-con e-child\" data-id=\"313ad581\" data-element_type=\"container\">\n\t\t\t\t\t<div class=\"e-con-inner\">\n\t\t\t\t<div class=\"elementor-element elementor-element-13e10cc6 elementor-widget elementor-widget-hub_fancy_heading\" data-id=\"13e10cc6\" data-element_type=\"widget\" data-widget_type=\"hub_fancy_heading.default\">\n\t\t\t\t<div class=\"elementor-widget-container\">\n\t\t\t\n\t\t<div id=\"ld-fancy-heading-69f549f43b204\" class=\"ld-fancy-heading pos-rel\">\n\t\t\t<p class=\"ld-fh-element d-inline-block pos-rel  lqd-highlight-classic lqd-highlight-grow-left p\"  > Aqui voc\u00ea encontra todas as informa\u00e7\u00f5es sobre Contribui\u00e7\u00e3o Sindical Rural<\/p>\t\t<\/div>\n\n\t\t\t\t<\/div>\n\t\t\t\t<\/div>\n\t\t\t\t\t<\/div>\n\t\t\t\t<\/div>\n\t\t\t\t<\/div>\n\t\t\t\t\t<\/div>\n\t\t\t\t<\/div>\n\t\t<div class=\"elementor-element elementor-element-ebe61f9 e-flex e-con-boxed e-con e-parent\" data-id=\"ebe61f9\" data-element_type=\"container\">\n\t\t\t\t\t<div class=\"e-con-inner\">\n\t\t<div class=\"elementor-element elementor-element-13a6377 e-flex e-con-boxed e-con e-child\" data-id=\"13a6377\" data-element_type=\"container\">\n\t\t\t\t\t<div class=\"e-con-inner\">\n\t\t\t\t<div class=\"elementor-element elementor-element-35f7919 elementor-widget elementor-widget-ld_accordion\" data-id=\"35f7919\" data-element_type=\"widget\" data-widget_type=\"ld_accordion.default\">\n\t\t\t\t<div class=\"elementor-widget-container\">\n\t\t\t\n\t\t<div class=\"accordion accordion-body-underlined accordion-md accordion-side-spacing accordion-heading-has-shadow accordion-active-has-shadow\" id=\"accordion-69f549f43c42d\" role=\"tablist\" aria-multiselectable=\"true\">\n\t\t\t\t\t\t\t\t\t\t\t\t<div class=\"accordion-item panel  active\">\n\n\t\t\t\t<div class=\"accordion-heading\" role=\"tab\" id=\"heading-5651\">\n\t\t\t\t<h4 class=\"accordion-title  tabindex=\"-1\">\t\t\t\t\t<a class=\"\" role=\"button\" data-toggle=\"collapse\" data-bs-toggle=\"collapse\"\n                    tabindex=\"0\"\n\t\t\t\t\tdata-parent=\"#accordion-69f549f43c42d\" data-bs-parent=\"#accordion-69f549f43c42d\" href=\"#collapse-5651\" data-target=\"#collapse-5651\" data-bs-target=\"#collapse-5651\"\n\t\t\t\t\taria-expanded=\"true\" aria-controls=\"collapse-5651\">\n\t\t\t\t\t\t\t\t\t\t\t\t<span class=\"accordion-title-txt\">O que \u00e9 a Contribui\u00e7\u00e3o Sindical?<\/span>\n\t\t\t\t\t\t\t\t\t\t\t\t\t<span class=\"accordion-expander\"><i class=\"fa fa-chevron-down\"><\/i><i class=\"fa fa-chevron-up\"><\/i><\/span>\t\t\t\t\t\t\t\t\t\t\t<\/a>\n\t\t\t\t<\/h4>\t\t\t\t<\/div>\n\n\t\t\t\t<div id=\"collapse-5651\" class=\"accordion-collapse collapse  show\" data-bs-parent=\"#accordion-69f549f43c42d\" role=\"tabpanel\" aria-labelledby=\"heading-5651\">\n\n\t\t\t\t<div class=\"accordion-content\">\n\t\t\t\t\tA contribui\u00e7\u00e3o sindical \u00e9 o valor pago por aqueles que participam de uma determinada categoria econ\u00f4mica, profissional ou de uma profiss\u00e3o liberal, em favor do sindicato representativo da categoria ou profiss\u00e3o (artigos 578 a 591, da CLT). \t\t\t\t<\/div>\n\n\t\t\t\t<\/div>\n\n\t\t\t<\/div>\n\t\t\t\t\t\t\t\t\t<div class=\"accordion-item panel \">\n\n\t\t\t\t<div class=\"accordion-heading\" role=\"tab\" id=\"heading-5652\">\n\t\t\t\t<h4 class=\"accordion-title  tabindex=\"-1\">\t\t\t\t\t<a class=\"collapsed\" role=\"button\" data-toggle=\"collapse\" data-bs-toggle=\"collapse\"\n                    tabindex=\"0\"\n\t\t\t\t\tdata-parent=\"#accordion-69f549f43c42d\" data-bs-parent=\"#accordion-69f549f43c42d\" href=\"#collapse-5652\" data-target=\"#collapse-5652\" data-bs-target=\"#collapse-5652\"\n\t\t\t\t\taria-expanded=\"false\" aria-controls=\"collapse-5652\">\n\t\t\t\t\t\t\t\t\t\t\t\t<span class=\"accordion-title-txt\">Sistema Sindical Rural<\/span>\n\t\t\t\t\t\t\t\t\t\t\t\t\t<span class=\"accordion-expander\"><i class=\"fa fa-chevron-down\"><\/i><i class=\"fa fa-chevron-up\"><\/i><\/span>\t\t\t\t\t\t\t\t\t\t\t<\/a>\n\t\t\t\t<\/h4>\t\t\t\t<\/div>\n\n\t\t\t\t<div id=\"collapse-5652\" class=\"accordion-collapse collapse \" data-bs-parent=\"#accordion-69f549f43c42d\" role=\"tabpanel\" aria-labelledby=\"heading-5652\">\n\n\t\t\t\t<div class=\"accordion-content\">\n\t\t\t\t\t\u00c9 o Sistema que defende, trabalha e fala em seu nome e de todos os produtores rurais do Brasil. Constitu\u00eddo de forma piramidal, tem em sua base 1.951 Sindicatos Rurais e 1.122 extens\u00f5es de base, segundo dados do Departamento Sindical \u2013 DESIN em 31\/11\/2017. \r\nbr&gt;\r\nEsses sindicatos s\u00e3o representados por 27 federa\u00e7\u00f5es estaduais, que t\u00eam na Confedera\u00e7\u00e3o da Agricultura e Pecu\u00e1ria do Brasil (CNA) a sua representa\u00e7\u00e3o m\u00e1xima. Criada por meio do Decreto-Lei n.\u00ba 53.516, de 31 de janeiro de 1964, a entidade \u00e9 a leg\u00edtima representante do setor rural brasileiro. Essa estrutura garante a presen\u00e7a do Sistema CNA em qualquer ponto do Pa\u00eds. \r\n<br>\r\n<br>\r\n\r\nAssim como a CNA, as Federa\u00e7\u00f5es atuam em seus Estados estimulando o fortalecimento do sindicalismo rural, enquanto os sindicatos desenvolvem a\u00e7\u00f5es diretas de apoio ao produtor rural, buscando solu\u00e7\u00f5es para os problemas locais de forma associativa. Como l\u00edder do Sistema, a CNA \u00e9 reconhecida como \u00fanica representante da categoria legalmente constitu\u00edda.\t\t\t\t<\/div>\n\n\t\t\t\t<\/div>\n\n\t\t\t<\/div>\n\t\t\t\t\t\t\t\t\t<div class=\"accordion-item panel \">\n\n\t\t\t\t<div class=\"accordion-heading\" role=\"tab\" id=\"heading-5653\">\n\t\t\t\t<h4 class=\"accordion-title  tabindex=\"-1\">\t\t\t\t\t<a class=\"collapsed\" role=\"button\" data-toggle=\"collapse\" data-bs-toggle=\"collapse\"\n                    tabindex=\"0\"\n\t\t\t\t\tdata-parent=\"#accordion-69f549f43c42d\" data-bs-parent=\"#accordion-69f549f43c42d\" href=\"#collapse-5653\" data-target=\"#collapse-5653\" data-bs-target=\"#collapse-5653\"\n\t\t\t\t\taria-expanded=\"false\" aria-controls=\"collapse-5653\">\n\t\t\t\t\t\t\t\t\t\t\t\t<span class=\"accordion-title-txt\">Legitimidade Ativa<\/span>\n\t\t\t\t\t\t\t\t\t\t\t\t\t<span class=\"accordion-expander\"><i class=\"fa fa-chevron-down\"><\/i><i class=\"fa fa-chevron-up\"><\/i><\/span>\t\t\t\t\t\t\t\t\t\t\t<\/a>\n\t\t\t\t<\/h4>\t\t\t\t<\/div>\n\n\t\t\t\t<div id=\"collapse-5653\" class=\"accordion-collapse collapse \" data-bs-parent=\"#accordion-69f549f43c42d\" role=\"tabpanel\" aria-labelledby=\"heading-5653\">\n\n\t\t\t\t<div class=\"accordion-content\">\n\t\t\t\t\tAt\u00e9 o exerc\u00edcio de 1996, a Contribui\u00e7\u00e3o Sindical Rural era arrecadada pela Secretaria da Receita Federal, juntamente com o ITR (Imposto Territorial Rural). \r\n<br><br>\r\nA partir de 1997, a legitimidade ativa para exercer essa arrecada\u00e7\u00e3o foi transferida para a Confedera\u00e7\u00e3o da Agricultura e Pecu\u00e1ria do Brasil \u2013 CNA, por for\u00e7a do disposto no artigo 24, da Lei n.\u00ba 8.847, de 28 de janeiro de 1994, e em conformidade com a S\u00famula n\u00ba 396 do STJ (Superior Tribunal de Justi\u00e7a). \r\n<br><br>\r\nDe acordo com o artigo 589 da CLT, o montante arrecadado deve ser partilhado entre as entidades sindicais (Sindicatos, Federa\u00e7\u00f5es e Confedera\u00e7\u00e3o) e a Uni\u00e3o (Minist\u00e9rio do Trabalho - \u201cConta Especial Emprego e Sal\u00e1rio\u201d).\t\t\t\t<\/div>\n\n\t\t\t\t<\/div>\n\n\t\t\t<\/div>\n\t\t\t\t\t\t\t\t\t<div class=\"accordion-item panel \">\n\n\t\t\t\t<div class=\"accordion-heading\" role=\"tab\" id=\"heading-5654\">\n\t\t\t\t<h4 class=\"accordion-title  tabindex=\"-1\">\t\t\t\t\t<a class=\"collapsed\" role=\"button\" data-toggle=\"collapse\" data-bs-toggle=\"collapse\"\n                    tabindex=\"0\"\n\t\t\t\t\tdata-parent=\"#accordion-69f549f43c42d\" data-bs-parent=\"#accordion-69f549f43c42d\" href=\"#collapse-5654\" data-target=\"#collapse-5654\" data-bs-target=\"#collapse-5654\"\n\t\t\t\t\taria-expanded=\"false\" aria-controls=\"collapse-5654\">\n\t\t\t\t\t\t\t\t\t\t\t\t<span class=\"accordion-title-txt\">Objetivos e Funcionamento <\/span>\n\t\t\t\t\t\t\t\t\t\t\t\t\t<span class=\"accordion-expander\"><i class=\"fa fa-chevron-down\"><\/i><i class=\"fa fa-chevron-up\"><\/i><\/span>\t\t\t\t\t\t\t\t\t\t\t<\/a>\n\t\t\t\t<\/h4>\t\t\t\t<\/div>\n\n\t\t\t\t<div id=\"collapse-5654\" class=\"accordion-collapse collapse \" data-bs-parent=\"#accordion-69f549f43c42d\" role=\"tabpanel\" aria-labelledby=\"heading-5654\">\n\n\t\t\t\t<div class=\"accordion-content\">\n\t\t\t\t\tO principal objetivo do sistema sindical rural \u00e9 a defesa dos seus direitos, reivindica\u00e7\u00f5es e interesses, independentemente do tamanho da propriedade e do ramo de atividade de cada um, seja lavoura ou pecu\u00e1ria, extrativismo vegetal, pesca ou explora\u00e7\u00e3o florestal. O Sistema CNA trabalha inspirado em seis princ\u00edpios b\u00e1sicos: \r\n<br><br>\r\n\u2022 solidariedade social, <br>\r\n\u2022 livre iniciativa, <br>\r\n\u2022 direito de propriedade, <br>\r\n\u2022 seguran\u00e7a jur\u00eddica,<br>\r\n\u2022 economia de mercado; e<br>\r\n\u2022 interesses do Pa\u00eds.\t\t\t\t<\/div>\n\n\t\t\t\t<\/div>\n\n\t\t\t<\/div>\n\t\t\t\t\t\t\t\t\t<div class=\"accordion-item panel \">\n\n\t\t\t\t<div class=\"accordion-heading\" role=\"tab\" id=\"heading-5655\">\n\t\t\t\t<h4 class=\"accordion-title  tabindex=\"-1\">\t\t\t\t\t<a class=\"collapsed\" role=\"button\" data-toggle=\"collapse\" data-bs-toggle=\"collapse\"\n                    tabindex=\"0\"\n\t\t\t\t\tdata-parent=\"#accordion-69f549f43c42d\" data-bs-parent=\"#accordion-69f549f43c42d\" href=\"#collapse-5655\" data-target=\"#collapse-5655\" data-bs-target=\"#collapse-5655\"\n\t\t\t\t\taria-expanded=\"false\" aria-controls=\"collapse-5655\">\n\t\t\t\t\t\t\t\t\t\t\t\t<span class=\"accordion-title-txt\">Origem dos Recursos<\/span>\n\t\t\t\t\t\t\t\t\t\t\t\t\t<span class=\"accordion-expander\"><i class=\"fa fa-chevron-down\"><\/i><i class=\"fa fa-chevron-up\"><\/i><\/span>\t\t\t\t\t\t\t\t\t\t\t<\/a>\n\t\t\t\t<\/h4>\t\t\t\t<\/div>\n\n\t\t\t\t<div id=\"collapse-5655\" class=\"accordion-collapse collapse \" data-bs-parent=\"#accordion-69f549f43c42d\" role=\"tabpanel\" aria-labelledby=\"heading-5655\">\n\n\t\t\t\t<div class=\"accordion-content\">\n\t\t\t\t\tO sistema sindical rural \u00e9 suprido por duas fontes de recursos que proporcionam as necess\u00e1rias condi\u00e7\u00f5es para atuar em nome dos produtores rurais, defendendo seus interesses e reivindica\u00e7\u00f5es. A mais expressiva delas \u00e9 a Contribui\u00e7\u00e3o Sindical. \r\nA segunda forma de custeio s\u00e3o as mensalidades espont\u00e2neas dos associados aos sindicatos rurais.\t\t\t\t<\/div>\n\n\t\t\t\t<\/div>\n\n\t\t\t<\/div>\n\t\t\t\t\t\t\t\t\t<div class=\"accordion-item panel \">\n\n\t\t\t\t<div class=\"accordion-heading\" role=\"tab\" id=\"heading-5656\">\n\t\t\t\t<h4 class=\"accordion-title  tabindex=\"-1\">\t\t\t\t\t<a class=\"collapsed\" role=\"button\" data-toggle=\"collapse\" data-bs-toggle=\"collapse\"\n                    tabindex=\"0\"\n\t\t\t\t\tdata-parent=\"#accordion-69f549f43c42d\" data-bs-parent=\"#accordion-69f549f43c42d\" href=\"#collapse-5656\" data-target=\"#collapse-5656\" data-bs-target=\"#collapse-5656\"\n\t\t\t\t\taria-expanded=\"false\" aria-controls=\"collapse-5656\">\n\t\t\t\t\t\t\t\t\t\t\t\t<span class=\"accordion-title-txt\">Quem \u00e9 o contribuinte?<\/span>\n\t\t\t\t\t\t\t\t\t\t\t\t\t<span class=\"accordion-expander\"><i class=\"fa fa-chevron-down\"><\/i><i class=\"fa fa-chevron-up\"><\/i><\/span>\t\t\t\t\t\t\t\t\t\t\t<\/a>\n\t\t\t\t<\/h4>\t\t\t\t<\/div>\n\n\t\t\t\t<div id=\"collapse-5656\" class=\"accordion-collapse collapse \" data-bs-parent=\"#accordion-69f549f43c42d\" role=\"tabpanel\" aria-labelledby=\"heading-5656\">\n\n\t\t\t\t<div class=\"accordion-content\">\n\t\t\t\t\t Contribui\u00e7\u00e3o Sindical Rural existe desde 1943 e \u00e9 paga pelos produtores rurais, pessoa f\u00edsica ou jur\u00eddica, nos termos do Decreto-Lei n.\u00ba 1.166, de 15 de abril de 1971:\r\n<br><br>\r\n     Art. 1\u00ba - Para efeito da cobran\u00e7a da contribui\u00e7\u00e3o sindical rural prevista nos arts. 149 da Constitui\u00e7\u00e3o Federal e 578 a 591 da Consolida\u00e7\u00e3o das Leis do Trabalho, considera-se: \r\n<br><br>\r\n     (...)\r\n<br><br>\r\n     II- empres\u00e1rio ou empregador rural:<br>\r\n\r\n     a) a pessoa f\u00edsica ou jur\u00eddica que, tendo empregado, empreende, a qualquer t\u00edtulo, atividade econ\u00f4mica rural;<br>\r\n\r\n    b) quem, propriet\u00e1rio ou n\u00e3o, e mesmo sem empregado, em regime de economia familiar, explore im\u00f3vel rural que lhe absorva toda a for\u00e7a de trabalho e lhe garanta a subsist\u00eancia e progresso social e econ\u00f4mico em \u00e1rea superior a dois m\u00f3dulos rurais da respectiva regi\u00e3o;<br>\r\n\r\n     c) os propriet\u00e1rios rurais de mais de um im\u00f3vel rural, desde que a soma de suas \u00e1reas seja superior a dois m\u00f3dulos rurais da respectiva regi\u00e3o.\t\t\t\t<\/div>\n\n\t\t\t\t<\/div>\n\n\t\t\t<\/div>\n\t\t\t\t\t\t\t\t\t<div class=\"accordion-item panel \">\n\n\t\t\t\t<div class=\"accordion-heading\" role=\"tab\" id=\"heading-5657\">\n\t\t\t\t<h4 class=\"accordion-title  tabindex=\"-1\">\t\t\t\t\t<a class=\"collapsed\" role=\"button\" data-toggle=\"collapse\" data-bs-toggle=\"collapse\"\n                    tabindex=\"0\"\n\t\t\t\t\tdata-parent=\"#accordion-69f549f43c42d\" data-bs-parent=\"#accordion-69f549f43c42d\" href=\"#collapse-5657\" data-target=\"#collapse-5657\" data-bs-target=\"#collapse-5657\"\n\t\t\t\t\taria-expanded=\"false\" aria-controls=\"collapse-5657\">\n\t\t\t\t\t\t\t\t\t\t\t\t<span class=\"accordion-title-txt\">C\u00e1lculo da Contribui\u00e7\u00e3o<\/span>\n\t\t\t\t\t\t\t\t\t\t\t\t\t<span class=\"accordion-expander\"><i class=\"fa fa-chevron-down\"><\/i><i class=\"fa fa-chevron-up\"><\/i><\/span>\t\t\t\t\t\t\t\t\t\t\t<\/a>\n\t\t\t\t<\/h4>\t\t\t\t<\/div>\n\n\t\t\t\t<div id=\"collapse-5657\" class=\"accordion-collapse collapse \" data-bs-parent=\"#accordion-69f549f43c42d\" role=\"tabpanel\" aria-labelledby=\"heading-5657\">\n\n\t\t\t\t<div class=\"accordion-content\">\n\t\t\t\t\tO c\u00e1lculo da Contribui\u00e7\u00e3o Sindical Rural \u00e9 efetuado com base nas informa\u00e7\u00f5es prestadas pelo propriet\u00e1rio rural ao Cadastro Fiscal de Im\u00f3veis Rurais (CAFIR), administrado pela Secretaria da Receita Federal.\r\n<br><br>\r\nO inciso II, do artigo 17, da Lei n\u00ba 9.393, de 19 de dezembro de 1996, autoriza a celebra\u00e7\u00e3o de conv\u00eanio entre a SRF e a CNA, com o objetivo de fornecimento dos dados necess\u00e1rios \u00e0 arrecada\u00e7\u00e3o da Contribui\u00e7\u00e3o Sindical Rural.\r\n<br><br>\r\nAssim, foi firmado o respectivo conv\u00eanio entre a Uni\u00e3o - por interm\u00e9dio da SRF - e a CNA, publicado no Di\u00e1rio Oficial da Uni\u00e3o de 21 de maio de 1998.\r\n<br><br>\r\nO c\u00e1lculo do valor da Contribui\u00e7\u00e3o Sindical Rural observa as distin\u00e7\u00f5es de base de c\u00e1lculo para os contribuintes pessoas f\u00edsicas e jur\u00eddicas, definidas no par\u00e1grafo 1\u00ba, do artigo 4\u00ba, do Decreto-lei n\u00ba 1.166\/71:\r\n<br><br>\r\nPessoa f\u00edsica \u2013 a Contribui\u00e7\u00e3o \u00e9 calculada com base no Valor da Terra Nua Tribut\u00e1vel (VTNt) da propriedade, constante no cadastro da Secretaria da Receita Federal, utilizado para lan\u00e7amento do Imposto sobre a Propriedade Territorial Rural (ITR).<br>\r\nPessoa jur\u00eddica \u2013 a Contribui\u00e7\u00e3o \u00e9 calculada com base na Parcela do Capital Social \u2013 PCS, atribu\u00edda ao im\u00f3vel. \t\t\t\t<\/div>\n\n\t\t\t\t<\/div>\n\n\t\t\t<\/div>\n\t\t\t\t\t\t\t\t\t<div class=\"accordion-item panel \">\n\n\t\t\t\t<div class=\"accordion-heading\" role=\"tab\" id=\"heading-5658\">\n\t\t\t\t<h4 class=\"accordion-title  tabindex=\"-1\">\t\t\t\t\t<a class=\"collapsed\" role=\"button\" data-toggle=\"collapse\" data-bs-toggle=\"collapse\"\n                    tabindex=\"0\"\n\t\t\t\t\tdata-parent=\"#accordion-69f549f43c42d\" data-bs-parent=\"#accordion-69f549f43c42d\" href=\"#collapse-5658\" data-target=\"#collapse-5658\" data-bs-target=\"#collapse-5658\"\n\t\t\t\t\taria-expanded=\"false\" aria-controls=\"collapse-5658\">\n\t\t\t\t\t\t\t\t\t\t\t\t<span class=\"accordion-title-txt\">Valor do Pagamento<\/span>\n\t\t\t\t\t\t\t\t\t\t\t\t\t<span class=\"accordion-expander\"><i class=\"fa fa-chevron-down\"><\/i><i class=\"fa fa-chevron-up\"><\/i><\/span>\t\t\t\t\t\t\t\t\t\t\t<\/a>\n\t\t\t\t<\/h4>\t\t\t\t<\/div>\n\n\t\t\t\t<div id=\"collapse-5658\" class=\"accordion-collapse collapse \" data-bs-parent=\"#accordion-69f549f43c42d\" role=\"tabpanel\" aria-labelledby=\"heading-5658\">\n\n\t\t\t\t<div class=\"accordion-content\">\n\t\t\t\t\tDesde o exerc\u00edcio de 1998, \u00e9 emitida uma \u00fanica guia por produtor, pessoa f\u00edsica ou jur\u00eddica, contemplando todos os im\u00f3veis rurais de sua propriedade declarados \u00e0 Receita Federal.\r\n<br><br>\r\nPara a pessoa jur\u00eddica, o valor base para o c\u00e1lculo corresponde \u00e0 soma das parcelas do capital social. Para a pessoa f\u00edsica, o valor base para o c\u00e1lculo corresponde \u00e0 soma das parcelas do VTN tribut\u00e1vel de todos os seus im\u00f3veis rurais no Pa\u00eds, conforme declara\u00e7\u00e3o feita pelo pr\u00f3prio produtor \u00e0 Secretaria da Receita Federal.\r\n<br><br>\r\nCom base na tabela a seguir \u00e9 poss\u00edvel calcular o valor da Contribui\u00e7\u00e3o Sindical Rural, conforme o inciso III, do artigo 580, da CLT: \r\n<br><br>\r\nTabela para c\u00e1lculo da Contribui\u00e7\u00e3o Sindical Rural vigente a partir de 1\u00ba de janeiro de 2018:\r\n<br><br>\r\nVeja abaixo exemplos de c\u00e1lculos: \r\n<br>\r\n- C\u00e1lculo simplificado (utilizando a parcela a adicionar)\r\n<br>\r\nTomamos como exemplo o valor do capital social - PCS ou da terra nua tribut\u00e1vel - VTNt dos im\u00f3veis declarados pelo produtor: R$ 100.000,00 \r\n<br>\r\nNesse caso, aplicando o valor na tabela, utilizaremos a quarta linha para c\u00e1lculo da Contribui\u00e7\u00e3o Sindical Rural, veja como:\r\n<br>\r\nValor da CSR= Valor do capital social ou VTNt x al\u00edquota + parcela adicional \r\n<br>\r\nCalculando: R$ 100.000,00 x 0,1% + R$ 140,00 =R$ 240,00.\r\n<br>\r\n- C\u00e1lculo progressivo\r\n<br>\r\nCom a tabela progressiva, o valor da Contribui\u00e7\u00e3o corresponde \u00e0 soma da aplica\u00e7\u00e3o das al\u00edquotas sobre a parcela do capital social\/VTN tribut\u00e1vel, distribu\u00eddo em cada classe.\r\n<br>\r\nUtilizando o exemplo anterior, abaixo aplicamos o c\u00e1lculo progressivo:\r\n<br><br>\r\n\r\n\r\nNos c\u00e1lculos exemplificados, o valor encontrado da Contribui\u00e7\u00e3o Sindical Rural \u00e9 o mesmo. Portanto, a parcela adicional constante da tabela visa apenas simplificar o c\u00e1lculo da Contribui\u00e7\u00e3o.\r\n\t\t\t\t<\/div>\n\n\t\t\t\t<\/div>\n\n\t\t\t<\/div>\n\t\t\t\t\t\t\t\t\t<div class=\"accordion-item panel \">\n\n\t\t\t\t<div class=\"accordion-heading\" role=\"tab\" id=\"heading-5659\">\n\t\t\t\t<h4 class=\"accordion-title  tabindex=\"-1\">\t\t\t\t\t<a class=\"collapsed\" role=\"button\" data-toggle=\"collapse\" data-bs-toggle=\"collapse\"\n                    tabindex=\"0\"\n\t\t\t\t\tdata-parent=\"#accordion-69f549f43c42d\" data-bs-parent=\"#accordion-69f549f43c42d\" href=\"#collapse-5659\" data-target=\"#collapse-5659\" data-bs-target=\"#collapse-5659\"\n\t\t\t\t\taria-expanded=\"false\" aria-controls=\"collapse-5659\">\n\t\t\t\t\t\t\t\t\t\t\t\t<span class=\"accordion-title-txt\">Como e Quando Pagar? <\/span>\n\t\t\t\t\t\t\t\t\t\t\t\t\t<span class=\"accordion-expander\"><i class=\"fa fa-chevron-down\"><\/i><i class=\"fa fa-chevron-up\"><\/i><\/span>\t\t\t\t\t\t\t\t\t\t\t<\/a>\n\t\t\t\t<\/h4>\t\t\t\t<\/div>\n\n\t\t\t\t<div id=\"collapse-5659\" class=\"accordion-collapse collapse \" data-bs-parent=\"#accordion-69f549f43c42d\" role=\"tabpanel\" aria-labelledby=\"heading-5659\">\n\n\t\t\t\t<div class=\"accordion-content\">\n\t\t\t\t\tA CNA envia ao produtor rural uma guia banc\u00e1ria, j\u00e1 preenchida, com o valor da sua Contribui\u00e7\u00e3o Sindical Rural de 2018. At\u00e9 a data do vencimento, a guia poder\u00e1 ser paga em qualquer ag\u00eancia banc\u00e1ria. Depois dessa data, \u00e9 necess\u00e1rio procurar uma das ag\u00eancias do Banco do Brasil para fazer o seu pagamento. Para as pessoas jur\u00eddicas, o vencimento \u00e9 31\/01\/2018 e, para pessoas f\u00edsicas, em 22\/05\/2018.\r\n\r\n\t\t\t\t<\/div>\n\n\t\t\t\t<\/div>\n\n\t\t\t<\/div>\n\t\t\t\t\t\t\t\t\t<div class=\"accordion-item panel \">\n\n\t\t\t\t<div class=\"accordion-heading\" role=\"tab\" id=\"heading-56510\">\n\t\t\t\t<h4 class=\"accordion-title  tabindex=\"-1\">\t\t\t\t\t<a class=\"collapsed\" role=\"button\" data-toggle=\"collapse\" data-bs-toggle=\"collapse\"\n                    tabindex=\"0\"\n\t\t\t\t\tdata-parent=\"#accordion-69f549f43c42d\" data-bs-parent=\"#accordion-69f549f43c42d\" href=\"#collapse-56510\" data-target=\"#collapse-56510\" data-bs-target=\"#collapse-56510\"\n\t\t\t\t\taria-expanded=\"false\" aria-controls=\"collapse-56510\">\n\t\t\t\t\t\t\t\t\t\t\t\t<span class=\"accordion-title-txt\">UF E-MAIL TELEFONES<\/span>\n\t\t\t\t\t\t\t\t\t\t\t\t\t<span class=\"accordion-expander\"><i class=\"fa fa-chevron-down\"><\/i><i class=\"fa fa-chevron-up\"><\/i><\/span>\t\t\t\t\t\t\t\t\t\t\t<\/a>\n\t\t\t\t<\/h4>\t\t\t\t<\/div>\n\n\t\t\t\t<div id=\"collapse-56510\" class=\"accordion-collapse collapse \" data-bs-parent=\"#accordion-69f549f43c42d\" role=\"tabpanel\" aria-labelledby=\"heading-56510\">\n\n\t\t\t\t<div class=\"accordion-content\">\n\t\t\t\t\tAC socorronobre@faeac.org.br (68) 3224-1797 (68) 99985-6246\r\n<br>\r\nAL carla@faeal.org.br (82) 3217-9803 (82) 98878-3618\r\n<br>\r\nAP federacao_ap@hotmail.com (96) 3242-1049 (96) 3242-1055 (96) 3242-2595\r\n<br>\r\nAM depsind@faea.org.br (92) 3198-8402 (92) 3198-8400\r\n<br>\r\nBA uga.ba@faeb.org.br (71) 3415-7100\r\n<br>\r\nCE cobrancacsr@faec.org.br (85) 3535-8015 (85) 3535-8033\r\n<br>\r\nDF arrecadacao@fapedf.org.br (61) 3242-9600\r\n<br>\r\nES arrecadacaocsr@faes.org.br (27) 3185-9208\r\n<br>\r\nGO csr@faeg.com.br (62) 3096-2200\r\n<br>\r\nMA faema@faema.org.br (98) 3311-3162 (98) 3232-4452 (98) 98147-7644\r\narrecadacaofaema@senar-ma.org.br\r\n<br>\r\nMT arrecadacao@famato.org.br (65) 3928-4479\r\n<br>\r\nMS uac@famasul.com.br (67) 3320-9700 (67) 3320-6937 (67) 3320-9735\r\n<br>\r\nMG cadastro@faemg.org.br (31) 3074-3070\r\n<br>\r\nPA ugapara@faepanet.com.br (91) 4008-5353 (91) 4008-5321 (91) 4008-5395\r\n<br>\r\nPB sindical@faepapb.com.br (83) 3048-6050 (83) 3048-6057\r\n<br>\r\nPR superintendencia-adm-fin@faep.com.br (41) 2169-7911 (41) 2169-7944\r\n<br>\r\nPE faepe@faepe.com.br (81) 3312-8500\r\n<br>\r\nPI mairla.faepi@yahoo.com.br (86) 3221-6666 (86) 3221-1120 (86) 3221-2400\r\n<br>\r\nRJ sindical@faerj.com.br (21) 3380-9500\r\n<br>\r\nRN uga@senarrn.com.br (84) 3342-0200\r\n<br>\r\nRS sindical@farsul.org.br (51) 3214-4400\r\n<br>\r\nRO faperon@enter-net.com.br (69) 3223-2403 (69) 99931-8420\r\n<br>\r\nRR faerr@faerr-senar.com.br (95) 3623-0838 (95) 3623-0839 (95) 3224-7105\r\n<br>\r\nSC uga-sc@faesc.com.br (48) 3331-9700 (48) 3331-9799\r\n<br>\r\nSP contribuicaosindical@faespsenar.com.br (11) 3121-7234 (11) 3125-1333\r\n<br>\r\nSE faese@infonet.com.br (79) 3211-3264\r\n<br>\r\nTO hanna@faetrural.com.br (63) 3219-9200 (63) 3219-9254\r\n<br>\r\n<br>\r\n\r\nSAC Contribui\u00e7\u00e3o Sindical Rural.<br>\r\nHor\u00e1rio de atendimento: de 2\u00aa a 6\u00aa feira, das 8h \u00e0s 18h.<br>\r\nN\u00e3o h\u00e1 atendimento nos finais de semana e feriados.<br>\r\nFone: (63) 3219- 9200 - 3219-9254 \u2013 3351-3497.\t\t\t\t<\/div>\n\n\t\t\t\t<\/div>\n\n\t\t\t<\/div>\n\t\t\t\t\t\t\n\t\t<\/div>\n\n\t\t\t\t<\/div>\n\t\t\t\t<\/div>\n\t\t\t\t\t<\/div>\n\t\t\t\t<\/div>\n\t\t\t\t\t<\/div>\n\t\t\t\t<\/div>\n\t\t\t\t<\/div>\n\t\t","protected":false},"excerpt":{"rendered":"<p>Sindical Contribui\u00e7\u00e3o Sindical Aqui voc\u00ea encontra todas as informa\u00e7\u00f5es sobre Contribui\u00e7\u00e3o Sindical Rural<\/p>\n","protected":false},"author":1,"featured_media":0,"parent":0,"menu_order":0,"comment_status":"closed","ping_status":"closed","template":"","meta":{"kia_subtitle":"","footnotes":""},"class_list":["post-687","page","type-page","status-publish","hentry"],"_links":{"self":[{"href":"https:\/\/sistemafaetsenar.org.br\/faet\/wp-json\/wp\/v2\/pages\/687"}],"collection":[{"href":"https:\/\/sistemafaetsenar.org.br\/faet\/wp-json\/wp\/v2\/pages"}],"about":[{"href":"https:\/\/sistemafaetsenar.org.br\/faet\/wp-json\/wp\/v2\/types\/page"}],"author":[{"embeddable":true,"href":"https:\/\/sistemafaetsenar.org.br\/faet\/wp-json\/wp\/v2\/users\/1"}],"replies":[{"embeddable":true,"href":"https:\/\/sistemafaetsenar.org.br\/faet\/wp-json\/wp\/v2\/comments?post=687"}],"version-history":[{"count":0,"href":"https:\/\/sistemafaetsenar.org.br\/faet\/wp-json\/wp\/v2\/pages\/687\/revisions"}],"wp:attachment":[{"href":"https:\/\/sistemafaetsenar.org.br\/faet\/wp-json\/wp\/v2\/media?parent=687"}],"curies":[{"name":"wp","href":"https:\/\/api.w.org\/{rel}","templated":true}]}}